{"id":127,"date":"2018-07-02T08:04:58","date_gmt":"2018-07-02T08:04:58","guid":{"rendered":"http:\/\/homepage.adam-theis.de\/?page_id=127"},"modified":"2026-03-23T14:22:14","modified_gmt":"2026-03-23T13:22:14","slug":"zertifikate","status":"publish","type":"page","link":"https:\/\/adam-theis.de\/?page_id=127","title":{"rendered":"Zertifikate"},"content":{"rendered":"<h4><strong>IFS Zertifikat<\/strong><\/h4>\n<p>Bei jeder Anlieferung wird eine Qualit\u00e4tskontrolle durch unsere erfahrenen Warenannehmer durchgef\u00fchrt und dokumentiert. Es wird nur Ware akzeptiert, die den Qualit\u00e4tsvorstellungen unserer Kunden entspricht.<\/p>\n<p>Unser Qualit\u00e4tsmanagement-System ist entsprechend der Vorgaben des \u201eInternational Food Standard\u201c und der Vorgaben unseres HACCP-Konzeptes aufgebaut und wird j\u00e4hrlich durch den T\u00dcV zertifiziert.<\/p>\n<p>Hier finden Sie unsere IFS-Zertifikate:<\/p>\n<p><a href=\"https:\/\/adam-theis.de\/wp-content\/uploads\/IFS-Wholesale-Adam-Theis-26.08.2026.pdf\" target=\"_blank\" rel=\"noopener noreferrer\">IFS &#8211; Wholesale &#8211; Zertifikat f\u00fcr Handel und Verpackung<\/a><\/p>\n<p><a href=\"https:\/\/adam-theis.de\/wp-content\/uploads\/IFS-Food-Adam-Theis-26.08.2026-1.pdf\" target=\"_blank\" rel=\"noopener noreferrer\">IFS &#8211; Food &#8211; Zertifikat f\u00fcr die Herstellung k\u00fcchenfertiger Produkte<\/a><\/p>\n<h4><strong>Bio Zertifikat<\/strong><\/h4>\n<div id=\"attachment_3857\" style=\"width: 238px\" class=\"wp-caption alignright\"><img loading=\"lazy\" decoding=\"async\" aria-describedby=\"caption-attachment-3857\" src=\"https:\/\/adam-theis.de\/wp-content\/uploads\/EU-Bio-Logo-1.jpg\" alt=\"\" width=\"228\" height=\"128\" class=\"wp-image-3857\" srcset=\"https:\/\/adam-theis.de\/wp-content\/uploads\/EU-Bio-Logo-1.jpg 960w, https:\/\/adam-theis.de\/wp-content\/uploads\/EU-Bio-Logo-1-300x169.jpg 300w, https:\/\/adam-theis.de\/wp-content\/uploads\/EU-Bio-Logo-1-768x432.jpg 768w\" sizes=\"auto, (max-width: 228px) 100vw, 228px\" \/><p id=\"caption-attachment-3857\" class=\"wp-caption-text\">DE-\u00d6KO-006<\/p><\/div>\n<p>Wir sind f\u00fcr den Handel und die Verpackung von Bio-Produkten zertifiziert und sind der Bio-Kontrollstelle DE-\u00d6KO-006 \u201eABCERT AG, Esslingen\u201c angeschlossen.<\/p>\n<p>Hier finden Sie unser Bio-Zertifikat:<\/p>\n<p style=\"text-align: left;\"><a href=\"https:\/\/adam-theis.de\/wp-content\/uploads\/BIO-Zertifikat-Adam-Theis-GmbH-31.01.2028.pdf\" target=\"_blank\" rel=\"noopener noreferrer\">Bio &#8211; Zertifikat f\u00fcr \u00f6kologische\/biologische Erzeugnisse (DE)<\/a><\/p>\n<p><strong>CoC Zertifikat<\/strong><\/p>\n<p><span>Der Standard Chain of Custody (CoC) legt hohe Anforderungen an die Handhabung zertifizierter Produkte und stellt sicher, dass Waren aus einem durch GLOBALG.A.P. zertifizierten Herstellungsprozess stammen. Das Chain of Custody-Zertifikat best\u00e4tigt eine l\u00fcckenlose und transparente Verfolgung unserer Produkte entlang der gesamten Lieferkette.<\/span><\/p>\n<p>Hier finden Sie unser CoC-Zertifikat:<\/p>\n<p><a href=\"https:\/\/adam-theis.de\/wp-content\/uploads\/29391msGLOBALG.A.P._IFS_V6.1_de.pdf\">CoC &#8211; Zertifikat<\/a><\/p>\n\n\n<p><\/p>\n","protected":false},"excerpt":{"rendered":"<p>IFS Zertifikat Bei jeder Anlieferung wird eine Qualit\u00e4tskontrolle durch unsere erfahrenen Warenannehmer durchgef\u00fchrt und dokumentiert. Es wird nur Ware akzeptiert, die den Qualit\u00e4tsvorstellungen unserer Kunden entspricht. Unser Qualit\u00e4tsmanagement-System ist entsprechend der Vorgaben des \u201eInternational Food Standard\u201c und der Vorgaben unseres HACCP-Konzeptes aufgebaut und wird j\u00e4hrlich durch den T\u00dcV zertifiziert. Hier [&hellip;]<\/p>\n","protected":false},"author":1,"featured_media":0,"parent":0,"menu_order":0,"comment_status":"closed","ping_status":"closed","template":"","meta":{"footnotes":""},"class_list":["post-127","page","type-page","status-publish","hentry"],"_links":{"self":[{"href":"https:\/\/adam-theis.de\/index.php?rest_route=\/wp\/v2\/pages\/127","targetHints":{"allow":["GET"]}}],"collection":[{"href":"https:\/\/adam-theis.de\/index.php?rest_route=\/wp\/v2\/pages"}],"about":[{"href":"https:\/\/adam-theis.de\/index.php?rest_route=\/wp\/v2\/types\/page"}],"author":[{"embeddable":true,"href":"https:\/\/adam-theis.de\/index.php?rest_route=\/wp\/v2\/users\/1"}],"replies":[{"embeddable":true,"href":"https:\/\/adam-theis.de\/index.php?rest_route=%2Fwp%2Fv2%2Fcomments&post=127"}],"version-history":[{"count":58,"href":"https:\/\/adam-theis.de\/index.php?rest_route=\/wp\/v2\/pages\/127\/revisions"}],"predecessor-version":[{"id":5225,"href":"https:\/\/adam-theis.de\/index.php?rest_route=\/wp\/v2\/pages\/127\/revisions\/5225"}],"wp:attachment":[{"href":"https:\/\/adam-theis.de\/index.php?rest_route=%2Fwp%2Fv2%2Fmedia&parent=127"}],"curies":[{"name":"wp","href":"https:\/\/api.w.org\/{rel}","templated":true}]}}